{"id":3199,"date":"2022-03-25T15:38:24","date_gmt":"2022-03-25T14:38:24","guid":{"rendered":"https:\/\/vouille86.fr\/mairie\/?page_id=3199"},"modified":"2026-02-10T09:28:46","modified_gmt":"2026-02-10T08:28:46","slug":"dechets","status":"publish","type":"page","link":"https:\/\/vouille86.fr\/mairie\/dechets\/","title":{"rendered":"D\u00e9chets"},"content":{"rendered":"\t\t<div data-elementor-type=\"wp-page\" data-elementor-id=\"3199\" class=\"elementor elementor-3199\" data-elementor-post-type=\"page\">\n\t\t\t\t\t\t<section class=\"elementor-section elementor-top-section elementor-element elementor-element-1038d6fb elementor-section-boxed elementor-section-height-default elementor-section-height-default\" data-id=\"1038d6fb\" data-element_type=\"section\" data-e-type=\"section\">\n\t\t\t\t\t\t<div class=\"elementor-container elementor-column-gap-default\">\n\t\t\t\t\t<div class=\"elementor-column elementor-col-100 elementor-top-column elementor-element elementor-element-7928f3ce\" data-id=\"7928f3ce\" data-element_type=\"column\" data-e-type=\"column\">\n\t\t\t<div class=\"elementor-widget-wrap elementor-element-populated\">\n\t\t\t\t\t\t<div class=\"elementor-element elementor-element-39be8846 ariana elementor-widget elementor-widget-global elementor-global-2096 elementor-widget-shortcode\" data-id=\"39be8846\" data-element_type=\"widget\" data-e-type=\"widget\" data-widget_type=\"shortcode.default\">\n\t\t\t\t<div class=\"elementor-widget-container\">\n\t\t\t\t\t<ul id=\"crumbs\"><li><a href=\"https:\/\/vouille86.fr\/mairie\">Accueil<\/a><\/li><\/ul>\t\t<div class=\"elementor-shortcode\"><\/div>\n\t\t\t\t\t\t<\/div>\n\t\t\t\t<\/div>\n\t\t\t\t\t<\/div>\n\t\t<\/div>\n\t\t\t\t\t<\/div>\n\t\t<\/section>\n\t\t\t\t<section class=\"elementor-section elementor-top-section elementor-element elementor-element-35964dfe elementor-section-boxed elementor-section-height-default elementor-section-height-default\" data-id=\"35964dfe\" data-element_type=\"section\" data-e-type=\"section\">\n\t\t\t\t\t\t<div class=\"elementor-container elementor-column-gap-default\">\n\t\t\t\t\t<div class=\"elementor-column elementor-col-100 elementor-top-column elementor-element elementor-element-530a3980\" data-id=\"530a3980\" data-element_type=\"column\" data-e-type=\"column\">\n\t\t\t<div class=\"elementor-widget-wrap elementor-element-populated\">\n\t\t\t\t\t\t<div class=\"elementor-element elementor-element-38750ebb elementor-widget elementor-widget-heading\" data-id=\"38750ebb\" data-element_type=\"widget\" data-e-type=\"widget\" data-widget_type=\"heading.default\">\n\t\t\t\t<div class=\"elementor-widget-container\">\n\t\t\t\t\t<h2 class=\"elementor-heading-title elementor-size-default\">D\u00e9chets<\/h2>\t\t\t\t<\/div>\n\t\t\t\t<\/div>\n\t\t\t\t<div class=\"elementor-element elementor-element-8334d8d elementor-alert-success elementor-widget elementor-widget-alert\" data-id=\"8334d8d\" data-element_type=\"widget\" data-e-type=\"widget\" data-widget_type=\"alert.default\">\n\t\t\t\t<div class=\"elementor-widget-container\">\n\t\t\t\t\t\t\t<div class=\"elementor-alert\" role=\"alert\">\n\n\t\t\t\t\t\t<span class=\"elementor-alert-title\">Plus d\u2019infos<\/span>\n\t\t\t\n\t\t\t\t\t\t<span class=\"elementor-alert-description\">Communaut\u00e9 de Communes du Haut-Poitou : Service Relation Usager - 05 19 08 19 47 - dechets@cc-hautpoitou.fr - https:\/\/cc-hautpoitou.fr\/<\/span>\n\t\t\t\n\t\t\t\t\t\t<button type=\"button\" class=\"elementor-alert-dismiss\" aria-label=\"Ignorer cette alerte.\">\n\t\t\t\t\t\t\t\t\t<span aria-hidden=\"true\">&times;<\/span>\n\t\t\t\t\t\t\t<\/button>\n\t\t\t\n\t\t<\/div>\n\t\t\t\t\t\t<\/div>\n\t\t\t\t<\/div>\n\t\t\t\t<div class=\"elementor-element elementor-element-2c0d23d2 elementor-widget elementor-widget-accordion\" data-id=\"2c0d23d2\" data-element_type=\"widget\" data-e-type=\"widget\" data-widget_type=\"accordion.default\">\n\t\t\t\t<div class=\"elementor-widget-container\">\n\t\t\t\t\t\t\t<div class=\"elementor-accordion\">\n\t\t\t\t\t\t\t<div class=\"elementor-accordion-item\">\n\t\t\t\t\t<div id=\"elementor-tab-title-7391\" class=\"elementor-tab-title\" data-tab=\"1\" role=\"button\" aria-controls=\"elementor-tab-content-7391\" aria-expanded=\"false\">\n\t\t\t\t\t\t\t\t\t\t\t\t\t<span class=\"elementor-accordion-icon elementor-accordion-icon-left\" aria-hidden=\"true\">\n\t\t\t\t\t\t\t\t\t\t\t\t\t\t\t<span class=\"elementor-accordion-icon-closed\"><i class=\"fas fa-plus\"><\/i><\/span>\n\t\t\t\t\t\t\t\t<span class=\"elementor-accordion-icon-opened\"><i class=\"fas fa-minus\"><\/i><\/span>\n\t\t\t\t\t\t\t\t\t\t\t\t\t\t<\/span>\n\t\t\t\t\t\t\t\t\t\t\t\t<a class=\"elementor-accordion-title\" tabindex=\"0\">COLLECTE DES DECHETS MENAGERS<\/a>\n\t\t\t\t\t<\/div>\n\t\t\t\t\t<div id=\"elementor-tab-content-7391\" class=\"elementor-tab-content elementor-clearfix\" data-tab=\"1\" role=\"region\" aria-labelledby=\"elementor-tab-title-7391\"><p><iframe title=\"CC du Haut-Poitou Gestion et valorisation des d\u00e9chets - Collecte 2025\" width=\"800\" height=\"450\" src=\"https:\/\/www.youtube.com\/embed\/mjpihWdw7n4?feature=oembed\" frameborder=\"0\" allow=\"accelerometer; autoplay; clipboard-write; encrypted-media; gyroscope; picture-in-picture; web-share\" referrerpolicy=\"strict-origin-when-cross-origin\" allowfullscreen><\/iframe><\/p><p>En janvier 2025, dans le cadre des nouvelles modalit\u00e9s de collecte des d\u00e9chets m\u00e9nagers, les foyers \u00e9quip\u00e9s disposent d\u00e9sormais de 2 bacs :<br \/><span style=\"text-decoration: underline;\">\u2022 Couvercle vert<\/span> : ordures m\u00e9nag\u00e8res = collecte le jeudi semaine impaire \/ Sortir les bacs le mercredi soir<br \/><span style=\"text-decoration: underline;\">\u2022 Couvercle jaune<\/span> : emballages = collecte le jeudi semaine paire \/ Sortir les bacs le mercredi soir<\/p><p>Vous n&rsquo;avez pas re\u00e7u vos bacs ? Contactez le Service Relation Usager de la Communaut\u00e9 de communes au 05 19 08 19 47.<\/p><p><strong>Comment positionner mes bacs ?<\/strong><\/p><p>L\u2019automatisation de la collecte repose sur l\u2019utilisation de camions \u00e9quip\u00e9s de bras automatis\u00e9s. Il faudra ainsi veiller \u00e0 bien positionner vos bacs sur la voie publique\/espace public : poign\u00e9e c\u00f4t\u00e9 maison, espac\u00e9s des murs et cl\u00f4tures. Un \u00e9cart entre les bacs est n\u00e9cessaire. Assurez-vous \u00e9galement de ne pas trop remplir vos bacs car, s\u2019ils d\u00e9bordent, des d\u00e9chets risquent de tomber au sol lors de la collecte.<\/p><p><strong>Vous avez des bacs individuels et habitez dans une rue non accessible aux bennes de collecte ?<\/strong><\/p><p>Vos bacs devront \u00eatre positionn\u00e9s en bout de voie, avec la poign\u00e9e c\u00f4t\u00e9 maison, du c\u00f4t\u00e9 de la voie indiqu\u00e9 par le marquage au sol.<\/p><p><strong>Vous habitez dans un logement collectif et\/ou n\u2019avez pas de bacs individuels ?<\/strong><\/p><p>Pour l\u2019habitat collectif et certains secteurs o\u00f9 le camion de collecte ne pourra pas circuler, les emballages et les ordures m\u00e9nag\u00e8res devront \u00eatre d\u00e9pos\u00e9s dans les points d\u2019apport volontaire \u00e0 l\u2019aide de la carte d\u2019acc\u00e8s ou du QR code.<\/p><p>Retrouvez la liste des Points d&rsquo;Apport Volontaire ici :<\/p><p><a href=\"https:\/\/8whgr.r.a.d.sendibm1.com\/mk\/cl\/f\/sh\/1t6Af4OiGsE8LW1t9FXUzLdusA3PZF\/f6qBXM7R4IJC\" target=\"_blank\" rel=\"noopener\" data-saferedirecturl=\"https:\/\/www.google.com\/url?q=https:\/\/8whgr.r.a.d.sendibm1.com\/mk\/cl\/f\/sh\/1t6Af4OiGsE8LW1t9FXUzLdusA3PZF\/f6qBXM7R4IJC&amp;source=gmail&amp;ust=1760514313639000&amp;usg=AOvVaw0l_crt0EF3V9Srad3wGiHS\">https:\/\/web.citeo.guidedutri.<wbr \/>fr\/point-de-collecte<\/a><\/p><p><iframe src=\"https:\/\/www.google.com\/maps\/d\/embed?mid=1N6DMDZRQljMPFCqEVNOtiwe5gLHoZbY&amp;ehbc=2E312F\" width=\"640\" height=\"480\"><\/iframe><\/p><div id='gallery-1' class='gallery galleryid-3199 gallery-columns-2 gallery-size-medium'><figure class='gallery-item'>\n\t\t\t<div class='gallery-icon portrait'>\n\t\t\t\t<a href='https:\/\/vouille86.fr\/mairie\/wp-content\/uploads\/2025\/07\/250410_8023_CCHP_Flyer-PAV_03_LZ_Page_1.jpg'><img fetchpriority=\"high\" decoding=\"async\" width=\"210\" height=\"300\" src=\"https:\/\/vouille86.fr\/mairie\/wp-content\/uploads\/2025\/07\/250410_8023_CCHP_Flyer-PAV_03_LZ_Page_1-210x300.jpg\" class=\"attachment-medium size-medium\" alt=\"\" srcset=\"https:\/\/vouille86.fr\/mairie\/wp-content\/uploads\/2025\/07\/250410_8023_CCHP_Flyer-PAV_03_LZ_Page_1-210x300.jpg 210w, https:\/\/vouille86.fr\/mairie\/wp-content\/uploads\/2025\/07\/250410_8023_CCHP_Flyer-PAV_03_LZ_Page_1-716x1024.jpg 716w, https:\/\/vouille86.fr\/mairie\/wp-content\/uploads\/2025\/07\/250410_8023_CCHP_Flyer-PAV_03_LZ_Page_1-768x1098.jpg 768w, https:\/\/vouille86.fr\/mairie\/wp-content\/uploads\/2025\/07\/250410_8023_CCHP_Flyer-PAV_03_LZ_Page_1-1074x1536.jpg 1074w, https:\/\/vouille86.fr\/mairie\/wp-content\/uploads\/2025\/07\/250410_8023_CCHP_Flyer-PAV_03_LZ_Page_1.jpg 1411w\" sizes=\"(max-width: 210px) 100vw, 210px\" \/><\/a>\n\t\t\t<\/div><\/figure><figure class='gallery-item'>\n\t\t\t<div class='gallery-icon portrait'>\n\t\t\t\t<a href='https:\/\/vouille86.fr\/mairie\/wp-content\/uploads\/2025\/07\/250410_8023_CCHP_Flyer-PAV_03_LZ_Page_2.jpg'><img decoding=\"async\" width=\"211\" height=\"300\" src=\"https:\/\/vouille86.fr\/mairie\/wp-content\/uploads\/2025\/07\/250410_8023_CCHP_Flyer-PAV_03_LZ_Page_2-211x300.jpg\" class=\"attachment-medium size-medium\" alt=\"\" srcset=\"https:\/\/vouille86.fr\/mairie\/wp-content\/uploads\/2025\/07\/250410_8023_CCHP_Flyer-PAV_03_LZ_Page_2-211x300.jpg 211w, https:\/\/vouille86.fr\/mairie\/wp-content\/uploads\/2025\/07\/250410_8023_CCHP_Flyer-PAV_03_LZ_Page_2-722x1024.jpg 722w, https:\/\/vouille86.fr\/mairie\/wp-content\/uploads\/2025\/07\/250410_8023_CCHP_Flyer-PAV_03_LZ_Page_2-768x1089.jpg 768w, https:\/\/vouille86.fr\/mairie\/wp-content\/uploads\/2025\/07\/250410_8023_CCHP_Flyer-PAV_03_LZ_Page_2-1083x1536.jpg 1083w, https:\/\/vouille86.fr\/mairie\/wp-content\/uploads\/2025\/07\/250410_8023_CCHP_Flyer-PAV_03_LZ_Page_2.jpg 1166w\" sizes=\"(max-width: 211px) 100vw, 211px\" \/><\/a>\n\t\t\t<\/div><\/figure>\n\t\t<\/div>\n<p><strong>Vos bacs d\u00e9bordent ?<\/strong><\/p><p>Vous pouvez acc\u00e9der aux points d\u2019apport volontaire avec votre carte d&rsquo;acc\u00e8s. Les emballages sont \u00e0 d\u00e9poser en vrac !<\/p><p><strong>Pourquoi les nouveaux bacs sont-ils \u00e9quip\u00e9s de puces d\u2019identification ?<\/strong><br \/>Les puces \u00e9lectroniques permettent d\u2019associer un bac \u00e0 une adresse et de mieux g\u00e9rer le parc des bacs mis \u00e0 disposition par la Communaut\u00e9 de Communes. Ce syst\u00e8me d\u2019identification favorise une meilleure connaissance des volumes produits et des flux de d\u00e9chets. Il permet \u00e9galement aux usagers de suivre le volume de d\u00e9chets collect\u00e9s gr\u00e2ce \u00e0 leur espace web individuel.<\/p><p><strong>Bien entretenir mes bacs<\/strong><\/p><p>Les bacs doivent \u00eatre sortis la veille du jour de collecte et rentr\u00e9s d\u00e8s que possible apr\u00e8s le passage de la collecte. Pour \u00e9viter les odeurs et pr\u00e9server la sant\u00e9 des agents, veillez \u00e0 bien fermer les sacs d\u2019ordures m\u00e9nag\u00e8res et \u00e0 nettoyer r\u00e9guli\u00e8rement vos bacs.<\/p><p><strong>Qu\u2019est-ce que la collecte m\u00e9canis\u00e9e ?<\/strong><\/p><p>La collecte m\u00e9canis\u00e9e s\u2019effectue \u00e0 l\u2019aide d\u2019un v\u00e9hicule \u00e0 bras motoris\u00e9 et ne n\u00e9cessite donc pas d\u2019intervention humaine \u00e0 l\u2019arri\u00e8re du camion.<\/p><p>Bulletin de la Communaut\u00e9 de Communes : <a href=\"https:\/\/cc-hautpoitou.fr\/wp-content\/uploads\/2025\/01\/Actu-du-Haut-Poitou-janvier-2025-web.pdf\" target=\"_blank\" rel=\"noopener\">Janvier 2025 &#8211; Actu du Haut-Poitou<\/a><\/p><\/div>\n\t\t\t\t<\/div>\n\t\t\t\t\t\t\t<div class=\"elementor-accordion-item\">\n\t\t\t\t\t<div id=\"elementor-tab-title-7392\" class=\"elementor-tab-title\" data-tab=\"2\" role=\"button\" aria-controls=\"elementor-tab-content-7392\" aria-expanded=\"false\">\n\t\t\t\t\t\t\t\t\t\t\t\t\t<span class=\"elementor-accordion-icon elementor-accordion-icon-left\" aria-hidden=\"true\">\n\t\t\t\t\t\t\t\t\t\t\t\t\t\t\t<span class=\"elementor-accordion-icon-closed\"><i class=\"fas fa-plus\"><\/i><\/span>\n\t\t\t\t\t\t\t\t<span class=\"elementor-accordion-icon-opened\"><i class=\"fas fa-minus\"><\/i><\/span>\n\t\t\t\t\t\t\t\t\t\t\t\t\t\t<\/span>\n\t\t\t\t\t\t\t\t\t\t\t\t<a class=\"elementor-accordion-title\" tabindex=\"0\">GUIDE DU TRI DES DECHETS<\/a>\n\t\t\t\t\t<\/div>\n\t\t\t\t\t<div id=\"elementor-tab-content-7392\" class=\"elementor-tab-content elementor-clearfix\" data-tab=\"2\" role=\"region\" aria-labelledby=\"elementor-tab-title-7392\"><p><img decoding=\"async\" class=\"alignleft size-full wp-image-12172\" src=\"https:\/\/vouille86.fr\/mairie\/wp-content\/uploads\/2025\/01\/guide-tri-cchp-2025-c.png\" alt=\"\" width=\"1202\" height=\"306\" srcset=\"https:\/\/vouille86.fr\/mairie\/wp-content\/uploads\/2025\/01\/guide-tri-cchp-2025-c.png 1202w, https:\/\/vouille86.fr\/mairie\/wp-content\/uploads\/2025\/01\/guide-tri-cchp-2025-c-300x76.png 300w, https:\/\/vouille86.fr\/mairie\/wp-content\/uploads\/2025\/01\/guide-tri-cchp-2025-c-1024x261.png 1024w, https:\/\/vouille86.fr\/mairie\/wp-content\/uploads\/2025\/01\/guide-tri-cchp-2025-c-768x196.png 768w\" sizes=\"(max-width: 1202px) 100vw, 1202px\" \/><\/p><p><img loading=\"lazy\" decoding=\"async\" class=\"alignleft size-full wp-image-12170\" src=\"https:\/\/vouille86.fr\/mairie\/wp-content\/uploads\/2025\/01\/guide-tri-cchp-2025.png\" alt=\"\" width=\"1281\" height=\"686\" srcset=\"https:\/\/vouille86.fr\/mairie\/wp-content\/uploads\/2025\/01\/guide-tri-cchp-2025.png 1281w, https:\/\/vouille86.fr\/mairie\/wp-content\/uploads\/2025\/01\/guide-tri-cchp-2025-300x161.png 300w, https:\/\/vouille86.fr\/mairie\/wp-content\/uploads\/2025\/01\/guide-tri-cchp-2025-1024x548.png 1024w, https:\/\/vouille86.fr\/mairie\/wp-content\/uploads\/2025\/01\/guide-tri-cchp-2025-768x411.png 768w\" sizes=\"(max-width: 1281px) 100vw, 1281px\" \/><\/p><p><img loading=\"lazy\" decoding=\"async\" class=\"alignleft size-full wp-image-12173\" src=\"https:\/\/vouille86.fr\/mairie\/wp-content\/uploads\/2025\/01\/guide-tri-cchp-2025-b.png\" alt=\"\" width=\"1258\" height=\"700\" srcset=\"https:\/\/vouille86.fr\/mairie\/wp-content\/uploads\/2025\/01\/guide-tri-cchp-2025-b.png 1258w, https:\/\/vouille86.fr\/mairie\/wp-content\/uploads\/2025\/01\/guide-tri-cchp-2025-b-300x167.png 300w, https:\/\/vouille86.fr\/mairie\/wp-content\/uploads\/2025\/01\/guide-tri-cchp-2025-b-1024x570.png 1024w, https:\/\/vouille86.fr\/mairie\/wp-content\/uploads\/2025\/01\/guide-tri-cchp-2025-b-768x427.png 768w\" sizes=\"(max-width: 1258px) 100vw, 1258px\" \/><img loading=\"lazy\" decoding=\"async\" class=\"alignleft size-full wp-image-12171\" src=\"https:\/\/vouille86.fr\/mairie\/wp-content\/uploads\/2025\/01\/guide-tri-cchp-2025-d.png\" alt=\"\" width=\"611\" height=\"789\" srcset=\"https:\/\/vouille86.fr\/mairie\/wp-content\/uploads\/2025\/01\/guide-tri-cchp-2025-d.png 611w, https:\/\/vouille86.fr\/mairie\/wp-content\/uploads\/2025\/01\/guide-tri-cchp-2025-d-232x300.png 232w\" sizes=\"(max-width: 611px) 100vw, 611px\" \/><\/p><\/div>\n\t\t\t\t<\/div>\n\t\t\t\t\t\t\t<div class=\"elementor-accordion-item\">\n\t\t\t\t\t<div id=\"elementor-tab-title-7393\" class=\"elementor-tab-title\" data-tab=\"3\" role=\"button\" aria-controls=\"elementor-tab-content-7393\" aria-expanded=\"false\">\n\t\t\t\t\t\t\t\t\t\t\t\t\t<span class=\"elementor-accordion-icon elementor-accordion-icon-left\" aria-hidden=\"true\">\n\t\t\t\t\t\t\t\t\t\t\t\t\t\t\t<span class=\"elementor-accordion-icon-closed\"><i class=\"fas fa-plus\"><\/i><\/span>\n\t\t\t\t\t\t\t\t<span class=\"elementor-accordion-icon-opened\"><i class=\"fas fa-minus\"><\/i><\/span>\n\t\t\t\t\t\t\t\t\t\t\t\t\t\t<\/span>\n\t\t\t\t\t\t\t\t\t\t\t\t<a class=\"elementor-accordion-title\" tabindex=\"0\">CALENDRIER DE COLLECTE \/ 2026 \/ VOUILLE<\/a>\n\t\t\t\t\t<\/div>\n\t\t\t\t\t<div id=\"elementor-tab-content-7393\" class=\"elementor-tab-content elementor-clearfix\" data-tab=\"3\" role=\"region\" aria-labelledby=\"elementor-tab-title-7393\"><p><span style=\"text-decoration: underline;\">CONSIGNES POUVANT VARI\u00c9ES EN RAISON DES CONDITIONS CLIMATIQUES ET DES JOURS F\u00c9RI\u00c9S<\/span><\/p><p><strong>BAC VERT : ORDURES M\u00c9NAG\u00c8RES<\/strong><br \/>Collecte le jeudi semaine impaire \/ Sortir les bacs le mercredi soir<\/p><p><span style=\"text-decoration: underline;\">Calendrier 2026<\/span> : jeudi 12 f\u00e9vrier, 26 f\u00e9vrier,\u00a012 mars, 26 mars,\u00a09 avril,\u00a023 avril,\u00a07 mai,\u00a021 mai,\u00a04 juin,\u00a018 juin,\u00a02 juillet,\u00a016 juillet , 30 juillet,\u00a013 ao\u00fbt,\u00a027 ao\u00fbt,\u00a010 septembre,\u00a024 septembre, 8 octobre, 22 octobre,\u00a05 novembre,\u00a019 novembre,\u00a03 d\u00e9cembre,\u00a017 d\u00e9cembre,\u00a031 d\u00e9cembre.<\/p><p><strong>BAC JAUNE : EMBALLAGES MENAGERS<\/strong><br \/>Collecte le jeudi semaine paire \/ Sortir les bacs le mercredi soir<\/p><p><span style=\"text-decoration: underline;\">Calendrier 2026<\/span> : jeudi 5 f\u00e9vrier, 19 f\u00e9vrier, 5 mars, 19 mars, 2 avril, 16 avril, 30 avril, 14 mai, 28 mai, 11 juin, 25 juin, 9 juillet, 23 juillet, 6 ao\u00fbt, 20 ao\u00fbt, 3 septembre, 17 septembre, 1 octobre, 15 octobre, 29 octobre, 12 novembre, 26 novembre, 10 d\u00e9cembre, 24 d\u00e9cembre<\/p><\/div>\n\t\t\t\t<\/div>\n\t\t\t\t\t\t\t<div class=\"elementor-accordion-item\">\n\t\t\t\t\t<div id=\"elementor-tab-title-7394\" class=\"elementor-tab-title\" data-tab=\"4\" role=\"button\" aria-controls=\"elementor-tab-content-7394\" aria-expanded=\"false\">\n\t\t\t\t\t\t\t\t\t\t\t\t\t<span class=\"elementor-accordion-icon elementor-accordion-icon-left\" aria-hidden=\"true\">\n\t\t\t\t\t\t\t\t\t\t\t\t\t\t\t<span class=\"elementor-accordion-icon-closed\"><i class=\"fas fa-plus\"><\/i><\/span>\n\t\t\t\t\t\t\t\t<span class=\"elementor-accordion-icon-opened\"><i class=\"fas fa-minus\"><\/i><\/span>\n\t\t\t\t\t\t\t\t\t\t\t\t\t\t<\/span>\n\t\t\t\t\t\t\t\t\t\t\t\t<a class=\"elementor-accordion-title\" tabindex=\"0\">D\u00c9CHETTERIE DE VOUILL\u00c9<\/a>\n\t\t\t\t\t<\/div>\n\t\t\t\t\t<div id=\"elementor-tab-content-7394\" class=\"elementor-tab-content elementor-clearfix\" data-tab=\"4\" role=\"region\" aria-labelledby=\"elementor-tab-title-7394\"><p><span style=\"color: #ff6600;\"><strong>L&rsquo;acc\u00e8s \u00e0 la d\u00e9chetterie de Vouill\u00e9 s&rsquo;effectue gr\u00e2ce \u00e0 une carte d&rsquo;acc\u00e8s fournie par la Communaut\u00e9 de Communes du Haut-Poitou.<\/strong><\/span><\/p><p>Merci de transmettre le formulaire de demande d&rsquo;acc\u00e8s en d\u00e9chetterie ci-joint accompagn\u00e9 des justificatifs par mail \u00e0 : servicestechniques@cc-hautpoitou.fr ou par courrier \u00e0 :<br \/>Communaut\u00e9 de Communes du Haut-Poitou<br \/>10 Avenue de l\u2019Europe<br \/>86170 Neuville-de-Poitou<\/p><p>Plus d&rsquo;informations aupr\u00e8s de la CCHP : 05 49 51 19 90<\/p><p>Adresse d\u00e9chetterie : 7 rue Raoul Mortier<\/p><p>T\u00e9l. :\u00a005 49 51 67 03<\/p><p>Plus d&rsquo;infos sur\u00a0 <a href=\"https:\/\/cc-hautpoitou.fr\/services-aux-habitants\/dechets-menagers\/dechetteries\/\">https:\/\/cc-hautpoitou.fr<\/a><\/p><p><strong>Horaires d&rsquo;ouverture :<\/strong><\/p><section class=\"av_textblock_section \"><div class=\"avia_textblock \"><section class=\"av_textblock_section \"><div class=\"avia_textblock \"><p><strong>A partir du 27 octobre 2025 jusqu\u2019au 28 mars 2026, les d\u00e9chetteries sont en horaires \u00ab\u00a0d\u2019hiver\u00a0\u00bb.<\/strong><\/p><\/div><\/section><div class=\"togglecontainer av-mf0v3ile-36409e3d39626b53d0407d77bc2c65bd avia-builder-el-8 el_after_av_textblock el_before_av_hr toggle_close_all enable_toggles\"><section class=\"av_toggle_section av-mf0v07z1-6b9ed9df863bf9a6f8a64568c066bdee\"><div class=\"single_toggle\" role=\"tablist\" data-tags=\"{Tout} \"><div id=\"toggle-id-1\" class=\"toggle_wrap\"><div class=\"toggle_content invers-color \"><p>\/!\\ Ces horaires sont susceptibles d&rsquo;\u00eatre modifi\u00e9s selon les conditions m\u00e9t\u00e9orologiques, consulter le site https:\/\/cc-hautpoitou.fr\/ ou contacter la communaut\u00e9 de communes<\/p><\/div><\/div><\/div><\/section><\/div><\/div><\/section><p>Lundi : 13h30 \u00b7 17h<br \/>mardi : Ferm\u00e9e<br \/>mercredi : 8h30 \u00b7 12h \u2013 13h30 \u00b7 17h<br \/>jeudi : 8h30 \u00b7 12h \u2013 13h30 \u00b7 17h<br \/>vendredi : 8h30 \u00b7 12h \u2013 13h30 \u00b7 17h<br \/>samedi : 8h30 \u00b7 12h \u2013 13h30 \u00b7 17h<\/p><p><img loading=\"lazy\" decoding=\"async\" class=\"alignleft size-full wp-image-12171\" src=\"https:\/\/vouille86.fr\/mairie\/wp-content\/uploads\/2025\/01\/guide-tri-cchp-2025-d.png\" alt=\"\" width=\"611\" height=\"789\" srcset=\"https:\/\/vouille86.fr\/mairie\/wp-content\/uploads\/2025\/01\/guide-tri-cchp-2025-d.png 611w, https:\/\/vouille86.fr\/mairie\/wp-content\/uploads\/2025\/01\/guide-tri-cchp-2025-d-232x300.png 232w\" sizes=\"(max-width: 611px) 100vw, 611px\" \/><\/p><\/div>\n\t\t\t\t<\/div>\n\t\t\t\t\t\t\t<div class=\"elementor-accordion-item\">\n\t\t\t\t\t<div id=\"elementor-tab-title-7395\" class=\"elementor-tab-title\" data-tab=\"5\" role=\"button\" aria-controls=\"elementor-tab-content-7395\" aria-expanded=\"false\">\n\t\t\t\t\t\t\t\t\t\t\t\t\t<span class=\"elementor-accordion-icon elementor-accordion-icon-left\" aria-hidden=\"true\">\n\t\t\t\t\t\t\t\t\t\t\t\t\t\t\t<span class=\"elementor-accordion-icon-closed\"><i class=\"fas fa-plus\"><\/i><\/span>\n\t\t\t\t\t\t\t\t<span class=\"elementor-accordion-icon-opened\"><i class=\"fas fa-minus\"><\/i><\/span>\n\t\t\t\t\t\t\t\t\t\t\t\t\t\t<\/span>\n\t\t\t\t\t\t\t\t\t\t\t\t<a class=\"elementor-accordion-title\" tabindex=\"0\">COMPOSTEZ VOS DECHETS ALIMENTAIRES<\/a>\n\t\t\t\t\t<\/div>\n\t\t\t\t\t<div id=\"elementor-tab-content-7395\" class=\"elementor-tab-content elementor-clearfix\" data-tab=\"5\" role=\"region\" aria-labelledby=\"elementor-tab-title-7395\"><p><img loading=\"lazy\" decoding=\"async\" class=\"size-full wp-image-3226 aligncenter\" src=\"https:\/\/vouille86.fr\/mairie\/wp-content\/uploads\/2022\/03\/composteur.jpg\" alt=\"\" width=\"370\" height=\"450\" srcset=\"https:\/\/vouille86.fr\/mairie\/wp-content\/uploads\/2022\/03\/composteur.jpg 370w, https:\/\/vouille86.fr\/mairie\/wp-content\/uploads\/2022\/03\/composteur-247x300.jpg 247w\" sizes=\"(max-width: 370px) 100vw, 370px\" \/><\/p><p>R\u00e9duisez la taille de vos poubelles en donnant une seconde vie \u00e0 vos d\u00e9chets organiques. Pour faire un bon compostage, il faut m\u00e9langer : d\u00e9chets de cuisine (\u00e9pluchures, coquilles d\u2019\u0153ufs, marc de caf\u00e9, fruits et l\u00e9gumes ab\u00eem\u00e9s\u2026), d\u00e9chets de jardin (tontes de gazon, feuilles, fleurs fan\u00e9es\u2026), d\u00e9chets de maison (mouchoirs en papier, papier journal\u2026).<\/p><p>Pour vous aider \u00e0 vous lancer dans cette aventure, la Communaut\u00e9 de Communes du Haut-Poitou propose aux habitants du territoire d\u2019acqu\u00e9rir un composteur, moyennant une participation de<strong> 15 \u20ac<\/strong>.\u00a0<\/p><p>Commandez votre kit de compostage en ligne et r\u00e9cup\u00e9rez-le lors d\u2019une distribution organis\u00e9e pr\u00e8s de chez vous !<\/p><p>Demande en Ligne (via votre compte Ecocito)<br \/>\u2022 Connectez-vous \u00e0 votre Espace Usager Ecocito via :<br \/>\u2192 notre site internet <a href=\"https:\/\/cc-hautpoitou.fr\/espace-usagers\" target=\"_blank\" rel=\"noopener\">https:\/\/cc-hautpoitou.fr\/espace-usagers<\/a><br \/>\u2022 Dans l\u2019onglet \u00ab\u00a0Mes services\u00a0\u00bb choisissez \u00ab\u00a0Demander un kit de compostage (composteur et bioseau)\u00a0\u00bb<br \/>\u2022 Confirmez l\u2019adresse (+ commentaire si besoin)<br \/>\u2022 Enregistrez la demande<\/p><p>Notre service Relation \u00e0 l\u2019Usager vous contactera (par mail ou t\u00e9l\u00e9phone) pour convenir d\u2019un rendez-vous.<br \/>\u2022 Une courte session d\u2019accompagnement de 15 minutes est pr\u00e9vue lors du retrait.<br \/>\u2022 Aucun paiement en ligne n\u2019est requis<\/p><\/div>\n\t\t\t\t<\/div>\n\t\t\t\t\t\t\t<div class=\"elementor-accordion-item\">\n\t\t\t\t\t<div id=\"elementor-tab-title-7396\" class=\"elementor-tab-title\" data-tab=\"6\" role=\"button\" aria-controls=\"elementor-tab-content-7396\" aria-expanded=\"false\">\n\t\t\t\t\t\t\t\t\t\t\t\t\t<span class=\"elementor-accordion-icon elementor-accordion-icon-left\" aria-hidden=\"true\">\n\t\t\t\t\t\t\t\t\t\t\t\t\t\t\t<span class=\"elementor-accordion-icon-closed\"><i class=\"fas fa-plus\"><\/i><\/span>\n\t\t\t\t\t\t\t\t<span class=\"elementor-accordion-icon-opened\"><i class=\"fas fa-minus\"><\/i><\/span>\n\t\t\t\t\t\t\t\t\t\t\t\t\t\t<\/span>\n\t\t\t\t\t\t\t\t\t\t\t\t<a class=\"elementor-accordion-title\" tabindex=\"0\">STOP PUB<\/a>\n\t\t\t\t\t<\/div>\n\t\t\t\t\t<div id=\"elementor-tab-content-7396\" class=\"elementor-tab-content elementor-clearfix\" data-tab=\"6\" role=\"region\" aria-labelledby=\"elementor-tab-title-7396\"><p>Des \u00e9tiquettes <strong>\u00ab\u00a0stop pub\u00a0\u00bb<\/strong>\u00a0sont disponibles \u00e0 l\u2019accueil de votre mairie.<\/p><p><img loading=\"lazy\" decoding=\"async\" class=\"size-full wp-image-3246 aligncenter\" src=\"https:\/\/vouille86.fr\/mairie\/wp-content\/uploads\/2022\/03\/stop-pub.png\" alt=\"\" width=\"300\" height=\"197\" \/><\/p><\/div>\n\t\t\t\t<\/div>\n\t\t\t\t\t\t\t<div class=\"elementor-accordion-item\">\n\t\t\t\t\t<div id=\"elementor-tab-title-7397\" class=\"elementor-tab-title\" data-tab=\"7\" role=\"button\" aria-controls=\"elementor-tab-content-7397\" aria-expanded=\"false\">\n\t\t\t\t\t\t\t\t\t\t\t\t\t<span class=\"elementor-accordion-icon elementor-accordion-icon-left\" aria-hidden=\"true\">\n\t\t\t\t\t\t\t\t\t\t\t\t\t\t\t<span class=\"elementor-accordion-icon-closed\"><i class=\"fas fa-plus\"><\/i><\/span>\n\t\t\t\t\t\t\t\t<span class=\"elementor-accordion-icon-opened\"><i class=\"fas fa-minus\"><\/i><\/span>\n\t\t\t\t\t\t\t\t\t\t\t\t\t\t<\/span>\n\t\t\t\t\t\t\t\t\t\t\t\t<a class=\"elementor-accordion-title\" tabindex=\"0\">BR\u00dbLAGE INTERDIT<\/a>\n\t\t\t\t\t<\/div>\n\t\t\t\t\t<div id=\"elementor-tab-content-7397\" class=\"elementor-tab-content elementor-clearfix\" data-tab=\"7\" role=\"region\" aria-labelledby=\"elementor-tab-title-7397\"><p>Le <strong>br\u00fblage des d\u00e9chets verts<\/strong> \u00e0 l\u2019air libre ou \u00e0 l\u2019aide d\u2019incin\u00e9rateurs individuels est <strong>interdit toute l\u2019ann\u00e9e<\/strong> et sur <strong>l\u2019ensemble du d\u00e9partement de la Vienne.<\/strong><\/p><p>L\u2019arr\u00eat\u00e9 pr\u00e9fectoral <a href=\"https:\/\/www.vienne.gouv.fr\/content\/download\/13255\/89739\/file\/2017_05_Arr\u00eat\u00e9+emploi+du+feu+%26+br\u00fblage+d\u00e9chets+verts+V+DEF_sign\u00e9.pdf\" target=\"_blank\" rel=\"noopener\">n\u00b02017-SIDPC-014<\/a> du 24 mai 2017 r\u00e9glemente l\u2019emploi du feu et le br\u00fblage des d\u00e9chets verts dans le d\u00e9partement de la Vienne.<\/p><\/div>\n\t\t\t\t<\/div>\n\t\t\t\t\t\t\t\t<\/div>\n\t\t\t\t\t\t<\/div>\n\t\t\t\t<\/div>\n\t\t\t\t<div class=\"elementor-element elementor-element-1c51af6e elementor-share-buttons--view-icon elementor-share-buttons--skin-minimal elementor-share-buttons--color-custom elementor-share-buttons--shape-square elementor-grid-0 elementor-widget elementor-widget-global elementor-global-2201 elementor-widget-share-buttons\" data-id=\"1c51af6e\" data-element_type=\"widget\" data-e-type=\"widget\" data-widget_type=\"share-buttons.default\">\n\t\t\t\t<div class=\"elementor-widget-container\">\n\t\t\t\t\t\t\t<div class=\"elementor-grid\" role=\"list\">\n\t\t\t\t\t\t\t\t<div class=\"elementor-grid-item\" role=\"listitem\">\n\t\t\t\t\t\t<div class=\"elementor-share-btn elementor-share-btn_facebook\" role=\"button\" tabindex=\"0\" aria-label=\"Partager sur facebook\">\n\t\t\t\t\t\t\t\t\t\t\t\t\t\t\t<span class=\"elementor-share-btn__icon\">\n\t\t\t\t\t\t\t\t<i class=\"fab fa-facebook\" aria-hidden=\"true\"><\/i>\t\t\t\t\t\t\t<\/span>\n\t\t\t\t\t\t\t\t\t\t\t\t\t\t\t\t\t\t\t\t<\/div>\n\t\t\t\t\t<\/div>\n\t\t\t\t\t\t\t\t\t<div class=\"elementor-grid-item\" role=\"listitem\">\n\t\t\t\t\t\t<div class=\"elementor-share-btn elementor-share-btn_twitter\" role=\"button\" tabindex=\"0\" aria-label=\"Partager sur twitter\">\n\t\t\t\t\t\t\t\t\t\t\t\t\t\t\t<span class=\"elementor-share-btn__icon\">\n\t\t\t\t\t\t\t\t<i class=\"fab fa-twitter\" aria-hidden=\"true\"><\/i>\t\t\t\t\t\t\t<\/span>\n\t\t\t\t\t\t\t\t\t\t\t\t\t\t\t\t\t\t\t\t<\/div>\n\t\t\t\t\t<\/div>\n\t\t\t\t\t\t\t\t\t<div class=\"elementor-grid-item\" role=\"listitem\">\n\t\t\t\t\t\t<div class=\"elementor-share-btn elementor-share-btn_whatsapp\" role=\"button\" tabindex=\"0\" aria-label=\"Partager sur whatsapp\">\n\t\t\t\t\t\t\t\t\t\t\t\t\t\t\t<span class=\"elementor-share-btn__icon\">\n\t\t\t\t\t\t\t\t<i class=\"fab fa-whatsapp\" aria-hidden=\"true\"><\/i>\t\t\t\t\t\t\t<\/span>\n\t\t\t\t\t\t\t\t\t\t\t\t\t\t\t\t\t\t\t\t<\/div>\n\t\t\t\t\t<\/div>\n\t\t\t\t\t\t\t\t\t<div class=\"elementor-grid-item\" role=\"listitem\">\n\t\t\t\t\t\t<div class=\"elementor-share-btn elementor-share-btn_email\" role=\"button\" tabindex=\"0\" aria-label=\"Partager sur email\">\n\t\t\t\t\t\t\t\t\t\t\t\t\t\t\t<span class=\"elementor-share-btn__icon\">\n\t\t\t\t\t\t\t\t<i class=\"fas fa-envelope\" aria-hidden=\"true\"><\/i>\t\t\t\t\t\t\t<\/span>\n\t\t\t\t\t\t\t\t\t\t\t\t\t\t\t\t\t\t\t\t<\/div>\n\t\t\t\t\t<\/div>\n\t\t\t\t\t\t<\/div>\n\t\t\t\t\t\t<\/div>\n\t\t\t\t<\/div>\n\t\t\t\t\t<\/div>\n\t\t<\/div>\n\t\t\t\t\t<\/div>\n\t\t<\/section>\n\t\t\t\t<\/div>\n\t\t","protected":false},"excerpt":{"rendered":"<p>Plus d\u2019infos Communaut\u00e9 de Communes du Haut-Poitou : Service Relation Usager &#8211; 05 19 08 19 47 &#8211; dechets@cc-hautpoitou.fr &#8211; https:\/\/cc-hautpoitou.fr\/ &times; COLLECTE DES DECHETS MENAGERS En janvier 2025, dans le cadre des nouvelles modalit\u00e9s de collecte des d\u00e9chets m\u00e9nagers, les foyers \u00e9quip\u00e9s disposent d\u00e9sormais de 2 bacs :\u2022 Couvercle vert : ordures m\u00e9nag\u00e8res =&#8230;<\/p>\n","protected":false},"author":1,"featured_media":0,"parent":0,"menu_order":0,"comment_status":"closed","ping_status":"closed","template":"","meta":{"_acf_changed":false,"footnotes":""},"class_list":["post-3199","page","type-page","status-publish","hentry"],"acf":[],"_links":{"self":[{"href":"https:\/\/vouille86.fr\/mairie\/wp-json\/wp\/v2\/pages\/3199","targetHints":{"allow":["GET"]}}],"collection":[{"href":"https:\/\/vouille86.fr\/mairie\/wp-json\/wp\/v2\/pages"}],"about":[{"href":"https:\/\/vouille86.fr\/mairie\/wp-json\/wp\/v2\/types\/page"}],"author":[{"embeddable":true,"href":"https:\/\/vouille86.fr\/mairie\/wp-json\/wp\/v2\/users\/1"}],"replies":[{"embeddable":true,"href":"https:\/\/vouille86.fr\/mairie\/wp-json\/wp\/v2\/comments?post=3199"}],"version-history":[{"count":191,"href":"https:\/\/vouille86.fr\/mairie\/wp-json\/wp\/v2\/pages\/3199\/revisions"}],"predecessor-version":[{"id":14052,"href":"https:\/\/vouille86.fr\/mairie\/wp-json\/wp\/v2\/pages\/3199\/revisions\/14052"}],"wp:attachment":[{"href":"https:\/\/vouille86.fr\/mairie\/wp-json\/wp\/v2\/media?parent=3199"}],"curies":[{"name":"wp","href":"https:\/\/api.w.org\/{rel}","templated":true}]}}